{"id":13835,"date":"2026-03-06T09:32:32","date_gmt":"2026-03-06T09:32:32","guid":{"rendered":"https:\/\/www.elpex.se\/bezpecnost-na-koleckovych-lyzich-helma-reflexni-prvky-provoz-a-technika-padu\/"},"modified":"2026-03-06T09:33:31","modified_gmt":"2026-03-06T09:33:31","slug":"bezpecnost-na-koleckovych-lyzich-helma-reflexni-prvky-provoz-a-technika-padu","status":"publish","type":"page","link":"https:\/\/www.elpex.se\/cs\/pruvodci\/bezpecnost-na-koleckovych-lyzich-helma-reflexni-prvky-provoz-a-technika-padu\/","title":{"rendered":"Bezpe\u010dnost na kole\u010dkov\u00fdch ly\u017e\u00edch \u2013 helma, reflexn\u00ed prvky, provoz a technika p\u00e1du"},"content":{"rendered":"\n<p>J\u00edzda na kole\u010dkov\u00fdch ly\u017e\u00edch je skv\u011bl\u00fd zp\u016fsob, jak tr\u00e9novat na zimu, ale na rozd\u00edl od ly\u017eov\u00e1n\u00ed prob\u00edh\u00e1 v\u011bt\u0161inou na <strong>b\u011b\u017en\u00fdch silnic\u00edch v provozu<\/strong>. Proto je bezpe\u010dnost obzvl\u00e1\u0161\u0165 d\u016fle\u017eit\u00e1. <\/p>\n\n<p>Se spr\u00e1vn\u00fdm vybaven\u00edm, trochou pl\u00e1nov\u00e1n\u00ed a znalost\u00ed toho, jak se chovat v provozu, m\u016f\u017ee\u0161 sv\u016fj tr\u00e9nink na kole\u010dkov\u00fdch ly\u017e\u00edch u\u010dinit bezpe\u010dn\u011bj\u0161\u00edm a klidn\u011bj\u0161\u00edm.<\/p>\n\n<hr class=\"wp-block-separator has-alpha-channel-opacity\"\/>\n\n<h2 class=\"wp-block-heading\">V\u017edy pou\u017e\u00edvej helmu<\/h2>\n\n<p>Helma je nejd\u016fle\u017eit\u011bj\u0161\u00edm bezpe\u010dnostn\u00edm prvkem p\u0159i j\u00edzd\u011b na kole\u010dkov\u00fdch ly\u017e\u00edch.<\/p>\n\n<p>Proto\u017ee jezd\u00ed\u0161 na asfaltu, mohl by m\u00edt p\u00e1d v\u00e1\u017en\u00e9 n\u00e1sledky. Cyklistick\u00e1 helma funguje dob\u0159e a pou\u017e\u00edv\u00e1 ji v\u011bt\u0161ina ly\u017ea\u0159\u016f na kole\u010dkov\u00fdch ly\u017e\u00edch. <\/p>\n\n<p>Tipy:<\/p>\n\n<ul class=\"wp-block-list\">\n<li>v\u017edy pou\u017e\u00edvej helmu, i p\u0159i krat\u0161\u00edch vyj\u00ed\u017e\u010fk\u00e1ch<\/li>\n\n\n\n<li>ujisti se, \u017ee helma spr\u00e1vn\u011b sed\u00ed a je upevn\u011bn\u00e1<\/li>\n\n\n\n<li>vym\u011b\u0148 helmu, pokud utrp\u011bla siln\u00fd n\u00e1raz<\/li>\n<\/ul>\n\n<p>Helma je standardem p\u0159i z\u00e1vodech a m\u011bla by b\u00fdt standardem i p\u0159i tr\u00e9ninku.<\/p>\n\n<hr class=\"wp-block-separator has-alpha-channel-opacity\"\/>\n\n<h2 class=\"wp-block-heading\">Bu\u010f v provozu vid\u011bt \u2013 pou\u017e\u00edvej reflexn\u00ed prvky<\/h2>\n\n<p>\u0158idi\u010di maj\u00ed \u010dasto probl\u00e9m v\u0161imnout si ly\u017ea\u0159\u016f v\u010das, zejm\u00e9na za \u0161patn\u00e9 viditelnosti.<\/p>\n\n<p>Proto je d\u016fle\u017eit\u00e9 b\u00fdt po\u0159\u00e1dn\u011b vid\u011bt.<\/p>\n\n<p>Dobr\u00e9 bezpe\u010dnostn\u00ed vybaven\u00ed:<\/p>\n\n<ul class=\"wp-block-list\">\n<li>reflexn\u00ed vesta<\/li>\n\n\n\n<li>reflexn\u00ed p\u00e1sky<\/li>\n\n\n\n<li>p\u0159edn\u00ed a zadn\u00ed sv\u011btla<\/li>\n<\/ul>\n\n<p>Je to d\u016fle\u017eit\u00e9 zejm\u00e9na p\u0159i:<\/p>\n\n<ul class=\"wp-block-list\">\n<li>ve\u010dern\u00edm tr\u00e9ninku<\/li>\n\n\n\n<li>obla\u010dn\u00e9m po\u010das\u00ed<\/li>\n\n\n\n<li>cest\u00e1ch s vysokou povolenou rychlost\u00ed<\/li>\n<\/ul>\n\n<p>B\u00fdt vid\u011bt v provozu m\u016f\u017ee b\u00fdt pro bezpe\u010dnost rozhoduj\u00edc\u00ed.<\/p>\n\n<hr class=\"wp-block-separator has-alpha-channel-opacity\"\/>\n\n<h2 class=\"wp-block-heading\">Jezdi v provozu bezpe\u010dn\u011b<\/h2>\n\n<p>J\u00edzda na kole\u010dkov\u00fdch ly\u017e\u00edch \u010dasto prob\u00edh\u00e1 na men\u0161\u00edch cest\u00e1ch, kde chyb\u00ed cyklostezky. Proto mus\u00ed\u0161 myslet na to, jak se v provozu pohybovat. <\/p>\n\n<p>N\u011bkolik d\u016fle\u017eit\u00fdch pravidel:<\/p>\n\n<p><strong>Jezdi po prav\u00e9 stran\u011b silnice<\/strong><br\/>Stejn\u011b jako cyklist\u00e9 se mus\u00ed\u0161 dr\u017eet vpravo.<\/p>\n\n<p><strong>D\u00e1vej pozor ve sjezdech<\/strong><br\/>Rychlost se m\u016f\u017ee rychle zv\u00fd\u0161it. Ujisti se, \u017ee m\u00e1\u0161 j\u00edzdu pod kontrolou. <\/p>\n\n<p><strong>Vyh\u00fdbej se \u00fazk\u00fdm cest\u00e1m s hust\u00fdm provozem<\/strong><br\/>Sna\u017e se vyb\u00edrat trasy, kde je automobilov\u00fd provoz omezen\u00fd.<\/p>\n\n<p><strong>Bu\u010f v k\u0159i\u017eovatk\u00e1ch \u010diteln\u00fd<\/strong><br\/>Zpomal a sna\u017e se nav\u00e1zat o\u010dn\u00ed kontakt s \u0159idi\u010di.<\/p>\n\n<hr class=\"wp-block-separator has-alpha-channel-opacity\"\/>\n\n<h2 class=\"wp-block-heading\">Vyber si spr\u00e1vn\u00e9 tr\u00e9ninkov\u00e9 prost\u0159ed\u00ed<\/h2>\n\n<p>Bezpe\u010dnost je velmi ovlivn\u011bna t\u00edm, kde tr\u00e9nuje\u0161.<\/p>\n\n<p>Dobr\u00e1 prost\u0159ed\u00ed pro kole\u010dkov\u00e9 ly\u017ee:<\/p>\n\n<ul class=\"wp-block-list\">\n<li>cyklostezky<\/li>\n\n\n\n<li>\u0161irok\u00e9 silnice s m\u00edrn\u00fdm provozem<\/li>\n\n\n\n<li>asfaltov\u00e9 in-line dr\u00e1hy<\/li>\n\n\n\n<li>pr\u016fmyslov\u00e9 z\u00f3ny ve ve\u010dern\u00edch hodin\u00e1ch<\/li>\n<\/ul>\n\n<p>Rad\u011bji se vyhni:<\/p>\n\n<ul class=\"wp-block-list\">\n<li>\u00fazk\u00fdm cest\u00e1m s hust\u00fdm provozem<\/li>\n\n\n\n<li>technick\u00fdm sjezd\u016fm<\/li>\n\n\n\n<li>cest\u00e1m s velk\u00fdm mno\u017estv\u00edm \u0161t\u011brku<\/li>\n<\/ul>\n\n<hr class=\"wp-block-separator has-alpha-channel-opacity\"\/>\n\n<h2 class=\"wp-block-heading\">Nau\u010d se spr\u00e1vn\u011b padat<\/h2>\n\n<p>D\u0159\u00edve nebo pozd\u011bji upadne v\u011bt\u0161ina ly\u017ea\u0159\u016f na kole\u010dkov\u00fdch ly\u017e\u00edch. Znalost toho, jak padat, m\u016f\u017ee sn\u00ed\u017eit riziko zran\u011bn\u00ed. <\/p>\n\n<p>N\u011bkolik z\u00e1kladn\u00edch princip\u016f:<\/p>\n\n<p><strong>Nesna\u017e se p\u00e1d zbrzdit nata\u017een\u00fdma rukama<\/strong><br\/>M\u016f\u017ee to v\u00e9st k poran\u011bn\u00ed z\u00e1p\u011bst\u00ed nebo lokt\u016f.<\/p>\n\n<p><strong>Sna\u017e se padat na bok<\/strong><br\/>Sklouznut\u00ed do strany je \u010dasto lep\u0161\u00ed ne\u017e dopad p\u0159\u00edmo dop\u0159edu.<\/p>\n\n<p><strong>Chra\u0148 si hlavu<\/strong><br\/>P\u0159i p\u00e1du dop\u0159edu dr\u017e bradu u hrudn\u00edku.<\/p>\n\n<hr class=\"wp-block-separator has-alpha-channel-opacity\"\/>\n\n<h2 class=\"wp-block-heading\">Tr\u00e9nuj techniku brzd\u011bn\u00ed<\/h2>\n\n<p>D\u016fle\u017eitou sou\u010d\u00e1st\u00ed bezpe\u010dn\u00e9 j\u00edzdy na kole\u010dkov\u00fdch ly\u017e\u00edch je schopnost kontrolovat rychlost.<\/p>\n\n<p>B\u011b\u017en\u00e9 zp\u016fsoby brzd\u011bn\u00ed:<\/p>\n\n<p><strong>Brzd\u011bn\u00ed pluhem<\/strong><br\/>Stejn\u00e1 technika jako na ly\u017e\u00edch.<\/p>\n\n<p><strong>Brzd\u011bn\u00ed holemi<\/strong><br\/>Pou\u017eij hole ke sn\u00ed\u017een\u00ed rychlosti.<\/p>\n\n<p><strong>Brzd\u011bn\u00ed v ter\u00e9nu<\/strong><br\/>Pokud pot\u0159ebuje\u0161 rychle zastavit, vyje\u010f na tr\u00e1vu nebo \u0161t\u011brk.<\/p>\n\n<p>Schopnost po\u0159\u00e1dn\u011b zabrzdit m\u00e1 velk\u00fd vliv na bezpe\u010dnost.<\/p>\n\n<hr class=\"wp-block-separator has-alpha-channel-opacity\"\/>\n\n<h2 class=\"wp-block-heading\">Shrnut\u00ed \u2013 bezpe\u010dn\u00e1 j\u00edzda na kole\u010dkov\u00fdch ly\u017e\u00edch<\/h2>\n\n<p>Pro bezpe\u010dn\u011bj\u0161\u00ed j\u00edzdu na kole\u010dkov\u00fdch ly\u017e\u00edch:<\/p>\n\n<ul class=\"wp-block-list\">\n<li>v\u017edy pou\u017e\u00edvej <strong>helmu<\/strong><\/li>\n\n\n\n<li>dbej na to, abys byl <strong>v provozu vid\u011bt<\/strong><\/li>\n\n\n\n<li>vyb\u00edrej si <strong>klidn\u00e9 cesty<\/strong><\/li>\n\n\n\n<li>nau\u010d se <strong>spr\u00e1vn\u011b brzdit a padat<\/strong><\/li>\n<\/ul>\n\n<p>Se spr\u00e1vnou p\u0159\u00edpravou bude j\u00edzda na kole\u010dkov\u00fdch ly\u017e\u00edch <strong>bezpe\u010dn\u00fdm a z\u00e1bavn\u00fdm tr\u00e9ninkem po cel\u00fd rok<\/strong>.<\/p>\n","protected":false},"excerpt":{"rendered":"<p>J\u00edzda na kole\u010dkov\u00fdch ly\u017e\u00edch je skv\u011bl\u00fd zp\u016fsob, jak tr\u00e9novat na zimu, ale na rozd\u00edl od ly\u017eov\u00e1n\u00ed prob\u00edh\u00e1 v\u011bt\u0161inou na b\u011b\u017en\u00fdch silnic\u00edch v provozu. Proto je bezpe\u010dnost obzvl\u00e1\u0161\u0165 d\u016fle\u017eit\u00e1. Se spr\u00e1vn\u00fdm vybaven\u00edm, trochou pl\u00e1nov\u00e1n\u00ed a znalost\u00ed toho, jak se chovat v provozu, m\u016f\u017ee\u0161 sv\u016fj tr\u00e9nink na [&hellip;]<\/p>\n","protected":false},"author":5,"featured_media":0,"parent":12317,"menu_order":0,"comment_status":"closed","ping_status":"closed","template":"","meta":{"footnotes":""},"class_list":["post-13835","page","type-page","status-publish","hentry"],"yoast_head":"<!-- This site is optimized with the Yoast SEO plugin v27.4 - https:\/\/yoast.com\/product\/yoast-seo-wordpress\/ -->\n<title>Bezpe\u010dnost na kole\u010dkov\u00fdch ly\u017e\u00edch \u2013 helma, reflexn\u00ed prvky, provoz a technika p\u00e1du - Elpex<\/title>\n<meta name=\"robots\" content=\"index, follow, max-snippet:-1, max-image-preview:large, max-video-preview:-1\" \/>\n<link rel=\"canonical\" href=\"https:\/\/www.elpex.se\/cs\/pruvodci\/bezpecnost-na-koleckovych-lyzich-helma-reflexni-prvky-provoz-a-technika-padu\/\" \/>\n<meta property=\"og:locale\" content=\"cs_CZ\" \/>\n<meta property=\"og:type\" content=\"article\" \/>\n<meta property=\"og:title\" content=\"Bezpe\u010dnost na kole\u010dkov\u00fdch ly\u017e\u00edch \u2013 helma, reflexn\u00ed prvky, provoz a technika p\u00e1du - Elpex\" \/>\n<meta property=\"og:description\" content=\"J\u00edzda na kole\u010dkov\u00fdch ly\u017e\u00edch je skv\u011bl\u00fd zp\u016fsob, jak tr\u00e9novat na zimu, ale na rozd\u00edl od ly\u017eov\u00e1n\u00ed prob\u00edh\u00e1 v\u011bt\u0161inou na b\u011b\u017en\u00fdch silnic\u00edch v provozu. Proto je bezpe\u010dnost obzvl\u00e1\u0161\u0165 d\u016fle\u017eit\u00e1. Se spr\u00e1vn\u00fdm vybaven\u00edm, trochou pl\u00e1nov\u00e1n\u00ed a znalost\u00ed toho, jak se chovat v provozu, m\u016f\u017ee\u0161 sv\u016fj tr\u00e9nink na [&hellip;]\" \/>\n<meta property=\"og:url\" content=\"https:\/\/www.elpex.se\/cs\/pruvodci\/bezpecnost-na-koleckovych-lyzich-helma-reflexni-prvky-provoz-a-technika-padu\/\" \/>\n<meta property=\"og:site_name\" content=\"Elpex\" \/>\n<meta property=\"article:publisher\" content=\"https:\/\/www.facebook.com\/www.elpex.se\/?locale=sv_SE\" \/>\n<meta property=\"article:modified_time\" content=\"2026-03-06T09:33:31+00:00\" \/>\n<meta name=\"twitter:card\" content=\"summary_large_image\" \/>\n<meta name=\"twitter:label1\" content=\"Odhadovan\u00e1 doba \u010dten\u00ed\" \/>\n\t<meta name=\"twitter:data1\" content=\"4 minuty\" \/>\n<script type=\"application\/ld+json\" class=\"yoast-schema-graph\">{\"@context\":\"https:\\\/\\\/schema.org\",\"@graph\":[{\"@type\":\"WebPage\",\"@id\":\"https:\\\/\\\/www.elpex.se\\\/cs\\\/pruvodci\\\/bezpecnost-na-koleckovych-lyzich-helma-reflexni-prvky-provoz-a-technika-padu\\\/\",\"url\":\"https:\\\/\\\/www.elpex.se\\\/cs\\\/pruvodci\\\/bezpecnost-na-koleckovych-lyzich-helma-reflexni-prvky-provoz-a-technika-padu\\\/\",\"name\":\"Bezpe\u010dnost na kole\u010dkov\u00fdch ly\u017e\u00edch \u2013 helma, reflexn\u00ed prvky, provoz a technika p\u00e1du - Elpex\",\"isPartOf\":{\"@id\":\"https:\\\/\\\/www.elpex.se\\\/cs\\\/#website\"},\"datePublished\":\"2026-03-06T09:32:32+00:00\",\"dateModified\":\"2026-03-06T09:33:31+00:00\",\"breadcrumb\":{\"@id\":\"https:\\\/\\\/www.elpex.se\\\/cs\\\/pruvodci\\\/bezpecnost-na-koleckovych-lyzich-helma-reflexni-prvky-provoz-a-technika-padu\\\/#breadcrumb\"},\"inLanguage\":\"cs\",\"potentialAction\":[{\"@type\":\"ReadAction\",\"target\":[\"https:\\\/\\\/www.elpex.se\\\/cs\\\/pruvodci\\\/bezpecnost-na-koleckovych-lyzich-helma-reflexni-prvky-provoz-a-technika-padu\\\/\"]}]},{\"@type\":\"BreadcrumbList\",\"@id\":\"https:\\\/\\\/www.elpex.se\\\/cs\\\/pruvodci\\\/bezpecnost-na-koleckovych-lyzich-helma-reflexni-prvky-provoz-a-technika-padu\\\/#breadcrumb\",\"itemListElement\":[{\"@type\":\"ListItem\",\"position\":1,\"name\":\"Hem\",\"item\":\"https:\\\/\\\/www.elpex.se\\\/cs\\\/\"},{\"@type\":\"ListItem\",\"position\":2,\"name\":\"Bezpe\u010dnost na kole\u010dkov\u00fdch ly\u017e\u00edch \u2013 helma, reflexn\u00ed prvky, provoz a technika p\u00e1du\"}]},{\"@type\":\"WebSite\",\"@id\":\"https:\\\/\\\/www.elpex.se\\\/cs\\\/#website\",\"url\":\"https:\\\/\\\/www.elpex.se\\\/cs\\\/\",\"name\":\"Elpex\",\"description\":\"\",\"publisher\":{\"@id\":\"https:\\\/\\\/www.elpex.se\\\/cs\\\/#organization\"},\"potentialAction\":[{\"@type\":\"SearchAction\",\"target\":{\"@type\":\"EntryPoint\",\"urlTemplate\":\"https:\\\/\\\/www.elpex.se\\\/cs\\\/?s={search_term_string}\"},\"query-input\":{\"@type\":\"PropertyValueSpecification\",\"valueRequired\":true,\"valueName\":\"search_term_string\"}}],\"inLanguage\":\"cs\"},{\"@type\":\"Organization\",\"@id\":\"https:\\\/\\\/www.elpex.se\\\/cs\\\/#organization\",\"name\":\"Elpex\",\"url\":\"https:\\\/\\\/www.elpex.se\\\/cs\\\/\",\"logo\":{\"@type\":\"ImageObject\",\"inLanguage\":\"cs\",\"@id\":\"https:\\\/\\\/www.elpex.se\\\/cs\\\/#\\\/schema\\\/logo\\\/image\\\/\",\"url\":\"https:\\\/\\\/www.elpex.se\\\/wp-content\\\/uploads\\\/2024\\\/11\\\/Elpex-logo_svart.svg\",\"contentUrl\":\"https:\\\/\\\/www.elpex.se\\\/wp-content\\\/uploads\\\/2024\\\/11\\\/Elpex-logo_svart.svg\",\"caption\":\"Elpex\"},\"image\":{\"@id\":\"https:\\\/\\\/www.elpex.se\\\/cs\\\/#\\\/schema\\\/logo\\\/image\\\/\"},\"sameAs\":[\"https:\\\/\\\/www.facebook.com\\\/www.elpex.se\\\/?locale=sv_SE\",\"https:\\\/\\\/www.instagram.com\\\/elpexrollerskis\\\/\"]}]}<\/script>\n<!-- \/ Yoast SEO plugin. -->","yoast_head_json":{"title":"Bezpe\u010dnost na kole\u010dkov\u00fdch ly\u017e\u00edch \u2013 helma, reflexn\u00ed prvky, provoz a technika p\u00e1du - Elpex","robots":{"index":"index","follow":"follow","max-snippet":"max-snippet:-1","max-image-preview":"max-image-preview:large","max-video-preview":"max-video-preview:-1"},"canonical":"https:\/\/www.elpex.se\/cs\/pruvodci\/bezpecnost-na-koleckovych-lyzich-helma-reflexni-prvky-provoz-a-technika-padu\/","og_locale":"cs_CZ","og_type":"article","og_title":"Bezpe\u010dnost na kole\u010dkov\u00fdch ly\u017e\u00edch \u2013 helma, reflexn\u00ed prvky, provoz a technika p\u00e1du - Elpex","og_description":"J\u00edzda na kole\u010dkov\u00fdch ly\u017e\u00edch je skv\u011bl\u00fd zp\u016fsob, jak tr\u00e9novat na zimu, ale na rozd\u00edl od ly\u017eov\u00e1n\u00ed prob\u00edh\u00e1 v\u011bt\u0161inou na b\u011b\u017en\u00fdch silnic\u00edch v provozu. Proto je bezpe\u010dnost obzvl\u00e1\u0161\u0165 d\u016fle\u017eit\u00e1. Se spr\u00e1vn\u00fdm vybaven\u00edm, trochou pl\u00e1nov\u00e1n\u00ed a znalost\u00ed toho, jak se chovat v provozu, m\u016f\u017ee\u0161 sv\u016fj tr\u00e9nink na [&hellip;]","og_url":"https:\/\/www.elpex.se\/cs\/pruvodci\/bezpecnost-na-koleckovych-lyzich-helma-reflexni-prvky-provoz-a-technika-padu\/","og_site_name":"Elpex","article_publisher":"https:\/\/www.facebook.com\/www.elpex.se\/?locale=sv_SE","article_modified_time":"2026-03-06T09:33:31+00:00","twitter_card":"summary_large_image","twitter_misc":{"Odhadovan\u00e1 doba \u010dten\u00ed":"4 minuty"},"schema":{"@context":"https:\/\/schema.org","@graph":[{"@type":"WebPage","@id":"https:\/\/www.elpex.se\/cs\/pruvodci\/bezpecnost-na-koleckovych-lyzich-helma-reflexni-prvky-provoz-a-technika-padu\/","url":"https:\/\/www.elpex.se\/cs\/pruvodci\/bezpecnost-na-koleckovych-lyzich-helma-reflexni-prvky-provoz-a-technika-padu\/","name":"Bezpe\u010dnost na kole\u010dkov\u00fdch ly\u017e\u00edch \u2013 helma, reflexn\u00ed prvky, provoz a technika p\u00e1du - Elpex","isPartOf":{"@id":"https:\/\/www.elpex.se\/cs\/#website"},"datePublished":"2026-03-06T09:32:32+00:00","dateModified":"2026-03-06T09:33:31+00:00","breadcrumb":{"@id":"https:\/\/www.elpex.se\/cs\/pruvodci\/bezpecnost-na-koleckovych-lyzich-helma-reflexni-prvky-provoz-a-technika-padu\/#breadcrumb"},"inLanguage":"cs","potentialAction":[{"@type":"ReadAction","target":["https:\/\/www.elpex.se\/cs\/pruvodci\/bezpecnost-na-koleckovych-lyzich-helma-reflexni-prvky-provoz-a-technika-padu\/"]}]},{"@type":"BreadcrumbList","@id":"https:\/\/www.elpex.se\/cs\/pruvodci\/bezpecnost-na-koleckovych-lyzich-helma-reflexni-prvky-provoz-a-technika-padu\/#breadcrumb","itemListElement":[{"@type":"ListItem","position":1,"name":"Hem","item":"https:\/\/www.elpex.se\/cs\/"},{"@type":"ListItem","position":2,"name":"Bezpe\u010dnost na kole\u010dkov\u00fdch ly\u017e\u00edch \u2013 helma, reflexn\u00ed prvky, provoz a technika p\u00e1du"}]},{"@type":"WebSite","@id":"https:\/\/www.elpex.se\/cs\/#website","url":"https:\/\/www.elpex.se\/cs\/","name":"Elpex","description":"","publisher":{"@id":"https:\/\/www.elpex.se\/cs\/#organization"},"potentialAction":[{"@type":"SearchAction","target":{"@type":"EntryPoint","urlTemplate":"https:\/\/www.elpex.se\/cs\/?s={search_term_string}"},"query-input":{"@type":"PropertyValueSpecification","valueRequired":true,"valueName":"search_term_string"}}],"inLanguage":"cs"},{"@type":"Organization","@id":"https:\/\/www.elpex.se\/cs\/#organization","name":"Elpex","url":"https:\/\/www.elpex.se\/cs\/","logo":{"@type":"ImageObject","inLanguage":"cs","@id":"https:\/\/www.elpex.se\/cs\/#\/schema\/logo\/image\/","url":"https:\/\/www.elpex.se\/wp-content\/uploads\/2024\/11\/Elpex-logo_svart.svg","contentUrl":"https:\/\/www.elpex.se\/wp-content\/uploads\/2024\/11\/Elpex-logo_svart.svg","caption":"Elpex"},"image":{"@id":"https:\/\/www.elpex.se\/cs\/#\/schema\/logo\/image\/"},"sameAs":["https:\/\/www.facebook.com\/www.elpex.se\/?locale=sv_SE","https:\/\/www.instagram.com\/elpexrollerskis\/"]}]}},"_links":{"self":[{"href":"https:\/\/www.elpex.se\/cs\/wp-json\/wp\/v2\/pages\/13835","targetHints":{"allow":["GET"]}}],"collection":[{"href":"https:\/\/www.elpex.se\/cs\/wp-json\/wp\/v2\/pages"}],"about":[{"href":"https:\/\/www.elpex.se\/cs\/wp-json\/wp\/v2\/types\/page"}],"author":[{"embeddable":true,"href":"https:\/\/www.elpex.se\/cs\/wp-json\/wp\/v2\/users\/5"}],"replies":[{"embeddable":true,"href":"https:\/\/www.elpex.se\/cs\/wp-json\/wp\/v2\/comments?post=13835"}],"version-history":[{"count":1,"href":"https:\/\/www.elpex.se\/cs\/wp-json\/wp\/v2\/pages\/13835\/revisions"}],"predecessor-version":[{"id":13836,"href":"https:\/\/www.elpex.se\/cs\/wp-json\/wp\/v2\/pages\/13835\/revisions\/13836"}],"up":[{"embeddable":true,"href":"https:\/\/www.elpex.se\/cs\/wp-json\/wp\/v2\/pages\/12317"}],"wp:attachment":[{"href":"https:\/\/www.elpex.se\/cs\/wp-json\/wp\/v2\/media?parent=13835"}],"curies":[{"name":"wp","href":"https:\/\/api.w.org\/{rel}","templated":true}]}}